{"id":84971,"date":"2023-03-20T11:14:56","date_gmt":"2023-03-20T10:14:56","guid":{"rendered":"https:\/\/renneritalia.com\/informations-sur-le-traitement-des-donnees-personnelles-fournisseurs\/"},"modified":"2023-12-15T11:56:25","modified_gmt":"2023-12-15T10:56:25","slug":"informations-sur-le-traitement-des-donnees-personnelles-fournisseurs","status":"publish","type":"page","link":"https:\/\/renneritalia.com\/fr\/informations-sur-le-traitement-des-donnees-personnelles-fournisseurs\/","title":{"rendered":"Informations sur le traitement des donn\u00e9es personnelles (fournisseurs)"},"content":{"rendered":"<div style=\"height: 50px; width:100%;\"><\/div>\n<p><strong>Informations g\u00e9n\u00e9rales<\/strong><br \/>\nLes donn\u00e9es \u00e0 caract\u00e8re personnel fournies seront trait\u00e9es conform\u00e9ment aux dispositions du r\u00e8glement (UE) 2016\/679 (\u00ab\u00a0GDPR\u00a0\u00bb), en particulier dans le respect des principes de n\u00e9cessit\u00e9, de transparence, de lic\u00e9it\u00e9, d&rsquo;\u00e9quit\u00e9 et de proportionnalit\u00e9 du traitement des donn\u00e9es \u00e0 caract\u00e8re personnel.<\/p>\n<p><strong>1. Le responsable du traitement des donn\u00e9es<\/strong><br \/>\nLe responsable du traitement des donn\u00e9es est la soci\u00e9t\u00e9 Renner Italia S.p.A., dont le si\u00e8ge social est situ\u00e9 via Ronchi Inferiore no. 34, 40061 Minerbio (BO), num\u00e9ro de TVA. [02433001209]: il d\u00e9cide de mani\u00e8re autonome des finalit\u00e9s et des m\u00e9thodes de traitement, ainsi que des proc\u00e9dures de s\u00e9curit\u00e9 \u00e0 appliquer pour garantir la confidentialit\u00e9, l&rsquo;int\u00e9grit\u00e9 et la disponibilit\u00e9 des donn\u00e9es. La liste actualis\u00e9e des sous-traitants et des personnes trait\u00e9es est conserv\u00e9e au si\u00e8ge du responsable du traitement.<\/p>\n<p><strong>2. Objet du traitement<\/strong><br \/>\nLe responsable du traitement traite les donn\u00e9es \u00e0 caract\u00e8re personnel que vous lui avez communiqu\u00e9es ou qu&rsquo;il a acquises d&rsquo;une autre mani\u00e8re au cours de la relation uniquement \u00e0 des fins li\u00e9es \u00e0 l&rsquo;\u00e9tablissement et \u00e0 la gestion de votre relation en tant que fournisseur\/consultant avec le responsable du traitement, comme indiqu\u00e9 \u00e0 l&rsquo;article 5, paragraphe 1, point a). 4 de la pr\u00e9sente note d&rsquo;information.<\/p>\n<p><strong>3. Modalit\u00e9s et dur\u00e9e du traitement<\/strong><br \/>\nLe traitement de vos donn\u00e9es personnelles est effectu\u00e9 au moyen des op\u00e9rations indiqu\u00e9es \u00e0 l&rsquo;art. 4 para. 2 GDPR et dans le respect des principes de l\u00e9galit\u00e9, d&rsquo;\u00e9quit\u00e9 et de transparence et des autres principes \u00e9nonc\u00e9s \u00e0 l&rsquo;Art. 5 GDPR.<br \/>\nLe responsable du traitement traitera vos donn\u00e9es dans le but d&rsquo;\u00e9tablir et de g\u00e9rer la relation de fourniture\/consultation pendant la dur\u00e9e n\u00e9cessaire \u00e0 la r\u00e9alisation des diff\u00e9rentes finalit\u00e9s du traitement et, en tout \u00e9tat de cause, pendant une dur\u00e9e maximale de 10 ans \u00e0 compter de la cessation de la relation \u00e0 des fins de service, contractuelles, fiscales et comptables ou de d\u00e9fense devant les tribunaux.<br \/>\n4. Finalit\u00e9 du traitement et base juridique du traitement ; caract\u00e8re obligatoire ou facultatif de la fourniture des donn\u00e9es et n\u00e9cessit\u00e9 du consentement et cons\u00e9quences du non-consentement ; processus de prise de d\u00e9cision automatis\u00e9e.<\/p>\n<p><strong>Les donn\u00e9es personnelles collect\u00e9es seront trait\u00e9es manuellement et\/ou par des moyens informatiques ou t\u00e9l\u00e9matiques aux fins suivantes :<\/strong><\/p>\n<ul>\n<li>\u00e0 des fins li\u00e9es aux obligations d\u00e9coulant de la loi, des r\u00e8glements et de la l\u00e9gislation de l&rsquo;UE ;<\/li>\n<li>pour l&rsquo;acquisition d&rsquo;informations avant la conclusion du contrat avec le fournisseur\/consultant \u00e0 la demande du m\u00eame fournisseur potentiel, sa s\u00e9lection et sa qualification de nature technico-professionnelle ;<\/li>\n<li>pour l&rsquo;ex\u00e9cution d&rsquo;obligations contractuelles telles que la gestion des commandes, la facturation, le paiement, la gestion du registre des fournisseurs\/consultants et la mise \u00e0 jour du registre correspondant ;<\/li>\n<li>\u00e0 des fins de d\u00e9fense, telles que le traitement des litiges en cas de d\u00e9faillance, de diff\u00e9rends, de litiges ou de r\u00e8glements.<\/li>\n<\/ul>\n<p>Aux fins susmentionn\u00e9es, le traitement des donn\u00e9es est n\u00e9cessaire (i) pour l&rsquo;ex\u00e9cution des obligations d\u00e9coulant du contrat avec le fournisseur\/consultant et\/ou pour toute obligation pr\u00e9contractuelle adopt\u00e9e \u00e0 la demande de ce dernier ; (ii) se conformer \u00e0 une obligation l\u00e9gale \u00e0 laquelle le contr\u00f4leur est soumis et, enfin, (iii) pour la poursuite de l&rsquo;int\u00e9r\u00eat l\u00e9gitime du contr\u00f4leur, tel que la gestion des litiges.<br \/>\nLa fourniture de vos donn\u00e9es est obligatoire et n\u00e9cessaire \u00e0 l&rsquo;ex\u00e9cution du contrat ; par cons\u00e9quent, le refus de fournir ces donn\u00e9es rendra impossible l&rsquo;\u00e9tablissement et l&rsquo;ex\u00e9cution de la relation contractuelle.<br \/>\nLe traitement de vos donn\u00e9es ne fera en aucun cas l&rsquo;objet d&rsquo;un profilage et\/ou de d\u00e9cisions automatis\u00e9es.<\/p>\n<p><strong>5. Acc\u00e8s aux donn\u00e9es et transfert<\/strong><br \/>\nVos donn\u00e9es seront trait\u00e9es \u00e0 l&rsquo;aide d&rsquo;outils informatiques et manuels propres \u00e0 garantir leur s\u00e9curit\u00e9 et leur confidentialit\u00e9, et ne seront pas diffus\u00e9es.<br \/>\nVos donn\u00e9es peuvent \u00eatre rendues accessibles et\/ou transf\u00e9r\u00e9es aux fins \u00e9nonc\u00e9es au point 4 :<\/p>\n<ul>\n<li>aux employ\u00e9s et\/ou collaborateurs du contr\u00f4leur d\u00e9sign\u00e9s comme responsables du traitement des donn\u00e9es ;<\/li>\n<li>des tiers (par exemple, des fournisseurs pour la gestion et la maintenance du site web, des fournisseurs, des \u00e9tablissements de cr\u00e9dit, des cabinets professionnels, etc.) qui peuvent effectuer des activit\u00e9s de sous-traitance pour le compte du responsable du traitement, en leur qualit\u00e9 de sous-traitants, ainsi que les autorit\u00e9s comp\u00e9tentes (par exemple, la pr\u00e9fecture, la pr\u00e9fecture de police, les forces de police, les carabiniers, les pompiers), les organismes publics et\/ou priv\u00e9s pour l&rsquo;ex\u00e9cution d&rsquo;obligations l\u00e9gales.<\/li>\n<\/ul>\n<p>La gestion et le stockage des donn\u00e9es personnelles s&rsquo;effectuent sur des fichiers papier dans les locaux du contr\u00f4leur des donn\u00e9es et\/ou sur des serveurs situ\u00e9s dans l&rsquo;Union europ\u00e9enne et appartenant au contr\u00f4leur des donn\u00e9es et\/ou \u00e0 des soci\u00e9t\u00e9s tierces d\u00e9sign\u00e9es et d\u00fbment nomm\u00e9es en tant que responsables du traitement des donn\u00e9es. En tout \u00e9tat de cause, il est entendu que le contr\u00f4leur des donn\u00e9es aura le droit, si cela s&rsquo;av\u00e8re n\u00e9cessaire, de d\u00e9placer l&#8217;emplacement des serveurs en Italie et\/ou dans l&rsquo;Union europ\u00e9enne et\/ou dans des pays non membres de l&rsquo;UE. Dans ce cas, le contr\u00f4leur s&rsquo;assure que le transfert aura lieu conform\u00e9ment aux dispositions l\u00e9gales applicables en concluant, si n\u00e9cessaire, des accords garantissant un niveau de protection ad\u00e9quat et\/ou en adoptant les clauses contractuelles types pr\u00e9vues par la Commission europ\u00e9enne.<\/p>\n<p><strong>6. Droits de la personne concern\u00e9e<\/strong><br \/>\nVous pouvez exercer vos droits en vertu des articles 15 \u00e0 22 du GDPR, en particulier le droit d&rsquo;acc\u00e8s, de rectification ou d&rsquo;effacement des donn\u00e9es, le droit de demander la limitation du traitement ou de s&rsquo;y opposer, ainsi que le droit \u00e0 la portabilit\u00e9 des donn\u00e9es. La personne concern\u00e9e a \u00e9galement le droit d&rsquo;introduire une r\u00e9clamation aupr\u00e8s de l&rsquo;autorit\u00e9 de contr\u00f4le.<br \/>\nEn cas de violation de vos donn\u00e9es \u00e0 caract\u00e8re personnel, compte tenu des dispositions de l&rsquo;art. 34 GDPR, le contr\u00f4leur vous informera d&rsquo;une telle violation.<\/p>\n<p><strong>7. Contacts pour l&rsquo;exercice des droits de la personne concern\u00e9e<\/strong><br \/>\nVous pouvez exercer vos droits \u00e0 tout moment en envoyant une lettre recommand\u00e9e avec accus\u00e9 de r\u00e9ception \u00e0 l&rsquo;adresse du si\u00e8ge du contr\u00f4leur des donn\u00e9es ou en acc\u00e9dant \u00e0 la page de confidentialit\u00e9 du site web de Renner Italia : <a href=\"http:\/\/www.renneritalia.com\/trattamento-dati\/\">http:\/\/www.renneritalia.com\/trattamento-dati\/<\/a><\/p>\n","protected":false},"excerpt":{"rendered":"<p>Informations g\u00e9n\u00e9rales Les donn\u00e9es \u00e0 caract\u00e8re personnel fournies seront trait\u00e9es conform\u00e9ment aux dispositions du r\u00e8glement (UE) 2016\/679 (\u00ab\u00a0GDPR\u00a0\u00bb), en particulier dans le respect des principes de n\u00e9cessit\u00e9, de transparence, de lic\u00e9it\u00e9, d&rsquo;\u00e9quit\u00e9 et de proportionnalit\u00e9 du traitement des donn\u00e9es \u00e0 caract\u00e8re personnel. 1. Le responsable du traitement des donn\u00e9es Le responsable du traitement des donn\u00e9es [&hellip;]<\/p>\n","protected":false},"author":7,"featured_media":0,"parent":0,"menu_order":0,"comment_status":"closed","ping_status":"closed","template":"","meta":{"footnotes":""},"page-category":[],"class_list":["post-84971","page","type-page","status-publish","hentry"],"yoast_head":"<!-- This site is optimized with the Yoast SEO plugin v27.5 - https:\/\/yoast.com\/product\/yoast-seo-wordpress\/ -->\n<title>Informations sur le traitement des donn\u00e9es personnelles (fournisseurs) - Renner Italia<\/title>\n<meta name=\"robots\" content=\"index, follow, max-snippet:-1, max-image-preview:large, max-video-preview:-1\" \/>\n<link rel=\"canonical\" href=\"https:\/\/renneritalia.com\/informativa-privacy-fornitori\/\" \/>\n<meta property=\"og:locale\" content=\"fr_FR\" \/>\n<meta property=\"og:type\" content=\"article\" \/>\n<meta property=\"og:title\" content=\"Informations sur le traitement des donn\u00e9es personnelles (fournisseurs) - Renner Italia\" \/>\n<meta property=\"og:description\" content=\"Informations g\u00e9n\u00e9rales Les donn\u00e9es \u00e0 caract\u00e8re personnel fournies seront trait\u00e9es conform\u00e9ment aux dispositions du r\u00e8glement (UE) 2016\/679 (\u00ab\u00a0GDPR\u00a0\u00bb), en particulier dans le respect des principes de n\u00e9cessit\u00e9, de transparence, de lic\u00e9it\u00e9, d&rsquo;\u00e9quit\u00e9 et de proportionnalit\u00e9 du traitement des donn\u00e9es \u00e0 caract\u00e8re personnel. 1. Le responsable du traitement des donn\u00e9es Le responsable du traitement des donn\u00e9es [&hellip;]\" \/>\n<meta property=\"og:url\" content=\"https:\/\/renneritalia.com\/informativa-privacy-fornitori\/\" \/>\n<meta property=\"og:site_name\" content=\"Renner Italia\" \/>\n<meta property=\"article:modified_time\" content=\"2023-12-15T10:56:25+00:00\" \/>\n<meta name=\"twitter:card\" content=\"summary_large_image\" \/>\n<meta name=\"twitter:label1\" content=\"Dur\u00e9e de lecture estim\u00e9e\" \/>\n\t<meta name=\"twitter:data1\" content=\"5 minutes\" \/>\n<script type=\"application\/ld+json\" class=\"yoast-schema-graph\">{\"@context\":\"https:\\\/\\\/schema.org\",\"@graph\":[{\"@type\":\"WebPage\",\"@id\":\"https:\\\/\\\/renneritalia.com\\\/informativa-privacy-fornitori\\\/\",\"url\":\"https:\\\/\\\/renneritalia.com\\\/informativa-privacy-fornitori\\\/\",\"name\":\"Informations sur le traitement des donn\u00e9es personnelles (fournisseurs) - Renner Italia\",\"isPartOf\":{\"@id\":\"https:\\\/\\\/renneritalia.com\\\/#website\"},\"datePublished\":\"2023-03-20T10:14:56+00:00\",\"dateModified\":\"2023-12-15T10:56:25+00:00\",\"breadcrumb\":{\"@id\":\"https:\\\/\\\/renneritalia.com\\\/informativa-privacy-fornitori\\\/#breadcrumb\"},\"inLanguage\":\"fr-FR\",\"potentialAction\":[{\"@type\":\"ReadAction\",\"target\":[\"https:\\\/\\\/renneritalia.com\\\/informativa-privacy-fornitori\\\/\"]}]},{\"@type\":\"BreadcrumbList\",\"@id\":\"https:\\\/\\\/renneritalia.com\\\/informativa-privacy-fornitori\\\/#breadcrumb\",\"itemListElement\":[{\"@type\":\"ListItem\",\"position\":1,\"name\":\"Home\",\"item\":\"https:\\\/\\\/renneritalia.com\\\/fr\\\/\"},{\"@type\":\"ListItem\",\"position\":2,\"name\":\"Informations sur le traitement des donn\u00e9es personnelles (fournisseurs)\"}]},{\"@type\":\"WebSite\",\"@id\":\"https:\\\/\\\/renneritalia.com\\\/#website\",\"url\":\"https:\\\/\\\/renneritalia.com\\\/\",\"name\":\"Renner Italia\",\"description\":\"Coatings\",\"publisher\":{\"@id\":\"https:\\\/\\\/renneritalia.com\\\/#organization\"},\"potentialAction\":[{\"@type\":\"SearchAction\",\"target\":{\"@type\":\"EntryPoint\",\"urlTemplate\":\"https:\\\/\\\/renneritalia.com\\\/?s={search_term_string}\"},\"query-input\":{\"@type\":\"PropertyValueSpecification\",\"valueRequired\":true,\"valueName\":\"search_term_string\"}}],\"inLanguage\":\"fr-FR\"},{\"@type\":\"Organization\",\"@id\":\"https:\\\/\\\/renneritalia.com\\\/#organization\",\"name\":\"Renner Italia\",\"url\":\"https:\\\/\\\/renneritalia.com\\\/\",\"logo\":{\"@type\":\"ImageObject\",\"inLanguage\":\"fr-FR\",\"@id\":\"https:\\\/\\\/renneritalia.com\\\/#\\\/schema\\\/logo\\\/image\\\/\",\"url\":\"https:\\\/\\\/renneritalia.com\\\/wp-content\\\/uploads\\\/2025\\\/03\\\/logo_renner_italia.svg\",\"contentUrl\":\"https:\\\/\\\/renneritalia.com\\\/wp-content\\\/uploads\\\/2025\\\/03\\\/logo_renner_italia.svg\",\"caption\":\"Renner Italia\"},\"image\":{\"@id\":\"https:\\\/\\\/renneritalia.com\\\/#\\\/schema\\\/logo\\\/image\\\/\"}}]}<\/script>\n<!-- \/ Yoast SEO plugin. -->","yoast_head_json":{"title":"Informations sur le traitement des donn\u00e9es personnelles (fournisseurs) - Renner Italia","robots":{"index":"index","follow":"follow","max-snippet":"max-snippet:-1","max-image-preview":"max-image-preview:large","max-video-preview":"max-video-preview:-1"},"canonical":"https:\/\/renneritalia.com\/informativa-privacy-fornitori\/","og_locale":"fr_FR","og_type":"article","og_title":"Informations sur le traitement des donn\u00e9es personnelles (fournisseurs) - Renner Italia","og_description":"Informations g\u00e9n\u00e9rales Les donn\u00e9es \u00e0 caract\u00e8re personnel fournies seront trait\u00e9es conform\u00e9ment aux dispositions du r\u00e8glement (UE) 2016\/679 (\u00ab\u00a0GDPR\u00a0\u00bb), en particulier dans le respect des principes de n\u00e9cessit\u00e9, de transparence, de lic\u00e9it\u00e9, d&rsquo;\u00e9quit\u00e9 et de proportionnalit\u00e9 du traitement des donn\u00e9es \u00e0 caract\u00e8re personnel. 1. Le responsable du traitement des donn\u00e9es Le responsable du traitement des donn\u00e9es [&hellip;]","og_url":"https:\/\/renneritalia.com\/informativa-privacy-fornitori\/","og_site_name":"Renner Italia","article_modified_time":"2023-12-15T10:56:25+00:00","twitter_card":"summary_large_image","twitter_misc":{"Dur\u00e9e de lecture estim\u00e9e":"5 minutes"},"schema":{"@context":"https:\/\/schema.org","@graph":[{"@type":"WebPage","@id":"https:\/\/renneritalia.com\/informativa-privacy-fornitori\/","url":"https:\/\/renneritalia.com\/informativa-privacy-fornitori\/","name":"Informations sur le traitement des donn\u00e9es personnelles (fournisseurs) - Renner Italia","isPartOf":{"@id":"https:\/\/renneritalia.com\/#website"},"datePublished":"2023-03-20T10:14:56+00:00","dateModified":"2023-12-15T10:56:25+00:00","breadcrumb":{"@id":"https:\/\/renneritalia.com\/informativa-privacy-fornitori\/#breadcrumb"},"inLanguage":"fr-FR","potentialAction":[{"@type":"ReadAction","target":["https:\/\/renneritalia.com\/informativa-privacy-fornitori\/"]}]},{"@type":"BreadcrumbList","@id":"https:\/\/renneritalia.com\/informativa-privacy-fornitori\/#breadcrumb","itemListElement":[{"@type":"ListItem","position":1,"name":"Home","item":"https:\/\/renneritalia.com\/fr\/"},{"@type":"ListItem","position":2,"name":"Informations sur le traitement des donn\u00e9es personnelles (fournisseurs)"}]},{"@type":"WebSite","@id":"https:\/\/renneritalia.com\/#website","url":"https:\/\/renneritalia.com\/","name":"Renner Italia","description":"Coatings","publisher":{"@id":"https:\/\/renneritalia.com\/#organization"},"potentialAction":[{"@type":"SearchAction","target":{"@type":"EntryPoint","urlTemplate":"https:\/\/renneritalia.com\/?s={search_term_string}"},"query-input":{"@type":"PropertyValueSpecification","valueRequired":true,"valueName":"search_term_string"}}],"inLanguage":"fr-FR"},{"@type":"Organization","@id":"https:\/\/renneritalia.com\/#organization","name":"Renner Italia","url":"https:\/\/renneritalia.com\/","logo":{"@type":"ImageObject","inLanguage":"fr-FR","@id":"https:\/\/renneritalia.com\/#\/schema\/logo\/image\/","url":"https:\/\/renneritalia.com\/wp-content\/uploads\/2025\/03\/logo_renner_italia.svg","contentUrl":"https:\/\/renneritalia.com\/wp-content\/uploads\/2025\/03\/logo_renner_italia.svg","caption":"Renner Italia"},"image":{"@id":"https:\/\/renneritalia.com\/#\/schema\/logo\/image\/"}}]}},"_links":{"self":[{"href":"https:\/\/renneritalia.com\/fr\/wp-json\/wp\/v2\/pages\/84971","targetHints":{"allow":["GET"]}}],"collection":[{"href":"https:\/\/renneritalia.com\/fr\/wp-json\/wp\/v2\/pages"}],"about":[{"href":"https:\/\/renneritalia.com\/fr\/wp-json\/wp\/v2\/types\/page"}],"author":[{"embeddable":true,"href":"https:\/\/renneritalia.com\/fr\/wp-json\/wp\/v2\/users\/7"}],"replies":[{"embeddable":true,"href":"https:\/\/renneritalia.com\/fr\/wp-json\/wp\/v2\/comments?post=84971"}],"version-history":[{"count":1,"href":"https:\/\/renneritalia.com\/fr\/wp-json\/wp\/v2\/pages\/84971\/revisions"}],"predecessor-version":[{"id":85028,"href":"https:\/\/renneritalia.com\/fr\/wp-json\/wp\/v2\/pages\/84971\/revisions\/85028"}],"wp:attachment":[{"href":"https:\/\/renneritalia.com\/fr\/wp-json\/wp\/v2\/media?parent=84971"}],"wp:term":[{"taxonomy":"page-category","embeddable":true,"href":"https:\/\/renneritalia.com\/fr\/wp-json\/wp\/v2\/page-category?post=84971"}],"curies":[{"name":"wp","href":"https:\/\/api.w.org\/{rel}","templated":true}]}}